{"id":393,"date":"2019-01-14T14:17:51","date_gmt":"2019-01-14T19:17:51","guid":{"rendered":"https:\/\/grgtherapy.com\/prueba\/?page_id=393"},"modified":"2021-01-24T15:54:11","modified_gmt":"2021-01-24T20:54:11","slug":"gabriela-giuggioloni-psicoterapeuta","status":"publish","type":"page","link":"https:\/\/grgtherapy.com\/prueba\/es\/gabriela-giuggioloni-psicoterapeuta\/","title":{"rendered":"Sobre Gabriela"},"content":{"rendered":"<div class=\"wpb-content-wrapper\"><p>[vc_row css_animation=\u00bb\u00bb row_type=\u00bbrow\u00bb use_row_as_full_screen_section=\u00bbno\u00bb type=\u00bbgrid\u00bb angled_section=\u00bbno\u00bb text_align=\u00bbleft\u00bb background_image_as_pattern=\u00bbwithout_pattern\u00bb z_index=\u00bb10&#8243; css=\u00bb.vc_custom_1547565700570{padding-top: 60px !important;background-color: #f6f6f6 !important;}\u00bb][vc_column css_animation=\u00bbnone\u00bb width=\u00bb1\/2&#8243; css=\u00bb.vc_custom_1547566174773{padding-top: 30px !important;}\u00bb][vc_column_text]<\/p>\n<h2 style=\"text-align: center;\">SOBRE<\/h2>\n<p>[\/vc_column_text][vc_column_text]<\/p>\n<h1 class=\"FontSeguro\" style=\"text-align: center; color: black;\">GABRIELA R.<br \/>\n<span class=\"ColorOrange\">GIUGGIOLONI LCSW-R<\/span><\/h1>\n<p>[\/vc_column_text][vc_separator type=\u00bbsmall\u00bb position=\u00bbcenter\u00bb color=\u00bb#000000&#8243; thickness=\u00bb6&#8243; width=\u00bb105&#8243; up=\u00bb33&#8243;][vc_column_text css=\u00bb.vc_custom_1550466011753{margin-top: 30px !important;}\u00bb]<b>Soy una psicoterapeuta con m\u00e1s de 20 a\u00f1os de experiencia cl\u00ednica. <\/b>Soy psic\u00f3loga graduada de la Facultad de Psicolog\u00eda de la Universidad de Buenos Aires en Argentina y, tambi\u00e9n \u00a0trabajadora social cl\u00ednica. Estudi\u00e9 en la Universidad de Nueva York y obtuve mi licencia cl\u00ednica unos a\u00f1os despu\u00e9s junto a mi\u00a0<b>privilegio R.<\/b>[\/vc_column_text][\/vc_column][vc_column width=\u00bb1\/2&#8243; css=\u00bb.vc_custom_1547564578401{margin-top: -20px !important;}\u00bb][vc_column_text]<img loading=\"lazy\" decoding=\"async\" class=\"alignnone wp-image-713\" src=\"https:\/\/grgtherapy.com\/prueba\/wp-content\/uploads\/2019\/02\/GabrielaAbout.jpg\" alt=\"Gabriela Giuggioloni Psicoterapeuta\" width=\"430\" height=\"520\" srcset=\"https:\/\/grgtherapy.com\/prueba\/wp-content\/uploads\/2019\/02\/GabrielaAbout.jpg 663w, https:\/\/grgtherapy.com\/prueba\/wp-content\/uploads\/2019\/02\/GabrielaAbout-248x300.jpg 248w\" sizes=\"auto, (max-width: 430px) 100vw, 430px\" \/>[\/vc_column_text][\/vc_column][\/vc_row][vc_row css_animation=\u00bb\u00bb row_type=\u00bbrow\u00bb use_row_as_full_screen_section=\u00bbno\u00bb type=\u00bbgrid\u00bb angled_section=\u00bbno\u00bb text_align=\u00bbleft\u00bb background_image_as_pattern=\u00bbwithout_pattern\u00bb z_index=\u00bb100&#8243;][vc_column width=\u00bb1\/6&#8243;][\/vc_column][vc_column width=\u00bb5\/6&#8243; css=\u00bb.vc_custom_1547565828072{margin-top: -130px !important;padding-right: 15px !important;padding-bottom: 20px !important;padding-left: 15px !important;background-color: #ffffff !important;border-radius: 10px !important;}\u00bb el_class=\u00bbContBlancoSeguro\u00bb][vc_column_text]Como estudiante de psicolog\u00eda, <b>colabor\u00e9 con el Departamento de Inmunolog\u00eda del Hospital Duran en Buenos Aires<\/b> proporcionando tratamiento para pacientes (bajo supervisi\u00f3n) con enfermedades autoinmunes e <b>investigando acerca de s\u00edntomas psicosom\u00e1ticos.<\/b>[\/vc_column_text][vc_separator type=\u00bbsmall\u00bb position=\u00bbleft\u00bb color=\u00bb#dc5500&#8243; thickness=\u00bb3&#8243; width=\u00bb105&#8243; up=\u00bb15&#8243; down=\u00bb15&#8243;][vc_column_text]Al graduarme de psic\u00f3loga en Argentina, fui concurrente del <b>Departamento de Admisiones del Hospital Psiqui\u00e1trico Braulio Moyano.<\/b> Esta experiencia cl\u00ednica me sirvi\u00f3 para incrementar mis conocimientos sobre la <b>esquizofrenia, los des\u00f3rdenes bipolares y sobre la importancia del apoyo familiar y social en casos de psicosis.<\/b>[\/vc_column_text][\/vc_column][\/vc_row][vc_row css_animation=\u00bb\u00bb row_type=\u00bbrow\u00bb use_row_as_full_screen_section=\u00bbyes\u00bb type=\u00bbfull_width\u00bb angled_section=\u00bbno\u00bb text_align=\u00bbleft\u00bb background_image_as_pattern=\u00bbwithout_pattern\u00bb z_index=\u00bb\u00bb css=\u00bb.vc_custom_1547566588728{padding-top: 50px !important;background-image: url(https:\/\/grgtherapy.com\/prueba\/wp-content\/uploads\/2019\/01\/FondoSection.jpg?id=333) !important;background-position: 0 0 !important;background-repeat: repeat !important;}\u00bb][vc_column width=\u00bb1\/2&#8243; css=\u00bb.vc_custom_1550097372438{margin-top: 90px !important;padding-right: 50px !important;padding-left: 50px !important;}\u00bb][vc_column_text]Luego de emigrar a New York, he <b>trabajado mucho con inmigrantes<\/b>. Esto me ha servido para entender los muchos significados que la inmigraci\u00f3n puede tener y los procesos de p\u00e9rdidas, ajustes y aculturaci\u00f3n que todo inmigrante atraviesa.[\/vc_column_text][vc_separator type=\u00bbsmall\u00bb position=\u00bbleft\u00bb color=\u00bb#dc5500&#8243; thickness=\u00bb3&#8243; width=\u00bb105&#8243; up=\u00bb15&#8243; down=\u00bb15&#8243;][vc_column_text]<b>A lo largo de los a\u00f1os he trabajado en distintos contextos cl\u00ednicos<\/b>, tambi\u00e9n con distintas poblaciones, diagn\u00f3sticos y edades. He ayudado a familias a lidiar con amenazas de deportaci\u00f3n, problemas de din\u00e1mica familiar, enfermedades cr\u00f3nicas y ajustes sociales.<b>\u00a0Asimismo he adquirido experiencia en el trabajo con parejas convencionales y no convencionales en distintas \u00e1reas como dificultades sexuales,<\/b> infidelidad, celos y problemas de comunicaci\u00f3n, s\u00f3lo por mencionar algunas problem\u00e1ticas.[\/vc_column_text][\/vc_column][vc_column width=\u00bb1\/2&#8243; css=\u00bb.vc_custom_1550097387102{padding-top: 230px !important;padding-bottom: 230px !important;background-image: url(https:\/\/grgtherapy.com\/prueba\/wp-content\/uploads\/2019\/01\/ImgTerapy.jpg?id=329) !important;background-position: center !important;background-repeat: no-repeat !important;background-size: cover !important;}\u00bb][\/vc_column][\/vc_row][vc_row css_animation=\u00bb\u00bb row_type=\u00bbrow\u00bb use_row_as_full_screen_section=\u00bbyes\u00bb type=\u00bbfull_width\u00bb angled_section=\u00bbno\u00bb text_align=\u00bbleft\u00bb background_image_as_pattern=\u00bbwithout_pattern\u00bb z_index=\u00bb\u00bb css=\u00bb.vc_custom_1547480086802{background-color: #f5e1d9 !important;background-position: 0 0 !important;background-repeat: repeat !important;}\u00bb][vc_column width=\u00bb1\/2&#8243; css=\u00bb.vc_custom_1550097267015{padding-top: 230px !important;padding-bottom: 230px !important;background-image: url(https:\/\/grgtherapy.com\/prueba\/wp-content\/uploads\/2019\/01\/EvaluacionMigratoria.jpg?id=351) !important;background-position: center !important;background-repeat: no-repeat !important;background-size: cover !important;}\u00bb][\/vc_column][vc_column width=\u00bb1\/2&#8243; css=\u00bb.vc_custom_1547480254329{margin-top: 100px !important;padding-right: 50px !important;padding-left: 50px !important;}\u00bb][vc_column_text]Tengo experiencia en el trabajo<b> con ni\u00f1os y adolescentes con distintas dificultades o s\u00edntomas. \u00a0En el trabajo con los m\u00e1s j\u00f3venes, guiar a los padres en distintas situaciones escolares, emocionales o de conducta ha mostrado ser muy beneficioso para todos los integrantes de la familia.<\/b>[\/vc_column_text][vc_separator type=\u00bbsmall\u00bb position=\u00bbleft\u00bb color=\u00bb#dc5500&#8243; thickness=\u00bb3&#8243; width=\u00bb105&#8243; up=\u00bb30&#8243; down=\u00bb30&#8243;][vc_column_text]<b> Disfruto de trabajar con <\/b>diferentes poblaciones en <b>espa\u00f1ol e ingl\u00e9s<\/b> (inmigrantes, LGBTQ, parejas no convencionales y personas con enfermedades cr\u00f3nicas, por ejemplo), as\u00ed como de <b>ayudar a mis pacientes a alcanzar su m\u00e1ximo potencial en la vida<\/b> y encontrar su propia definici\u00f3n de \u00e9xito o desarrollo personal.[\/vc_column_text][\/vc_column][\/vc_row][vc_row css_animation=\u00bb\u00bb row_type=\u00bbrow\u00bb use_row_as_full_screen_section=\u00bbno\u00bb type=\u00bbgrid\u00bb angled_section=\u00bbno\u00bb text_align=\u00bbleft\u00bb background_image_as_pattern=\u00bbwithout_pattern\u00bb z_index=\u00bb\u00bb css=\u00bb.vc_custom_1550674347468{padding-top: 70px !important;padding-bottom: 65px !important;background-color: #f5e1d9 !important;}\u00bb el_class=\u00bbBloqueVideo\u00bb][vc_column offset=\u00bbvc_col-md-7&#8243;][qode_elements_holder number_of_columns=\u00bbone_column\u00bb][qode_elements_holder_item background_color=\u00bb#ffffff\u00bb item_padding=\u00bb30px\u00bb advanced_animations=\u00bbno\u00bb custom_class=\u00bbeh-with-shadow\u00bb][vc_single_image image=\u00bb755&#8243; img_size=\u00bbfull\u00bb qode_css_animation=\u00bb\u00bb][\/qode_elements_holder_item][\/qode_elements_holder][\/vc_column][vc_column offset=\u00bbvc_col-md-5&#8243; css=\u00bb.vc_custom_1519299936828{padding-left: 30px !important;}\u00bb][qode_elements_holder number_of_columns=\u00bbone_column\u00bb][qode_elements_holder_item item_padding=\u00bb60px 20% 0px 0px\u00bb advanced_animations=\u00bbno\u00bb item_padding_1280_1440=\u00bb12px 20% 0px 0px\u00bb item_padding_1024_1280=\u00bb12px 20% 0px 0px\u00bb item_padding_768_1024=\u00bb0px\u00bb item_padding_600_768=\u00bb60px 40% 0px 0px\u00bb item_padding_480_600=\u00bb60px 0% 0px 0px\u00bb item_padding_480=\u00bb60px 0% 0px 0px\u00bb][vc_column_text]<\/p>\n<h2>Sobre Gabriela Giuggioloni Psicoterapeuta<\/h2>\n<p>[\/vc_column_text][\/qode_elements_holder_item][\/qode_elements_holder][vc_separator type=\u00bbsmall\u00bb position=\u00bbleft\u00bb color=\u00bb#000000&#8243; thickness=\u00bb2&#8243; width=\u00bb105&#8243; up=\u00bb20&#8243; down=\u00bb21&#8243;][vc_column_text]Mi trabajo profesional y personal como analista en formaci\u00f3n me han permitido ser <b>m\u00e1s asertiva y eficiente al ayudar a <\/b><b>pacientes<\/b> con serios problemas mentales o dificultades m\u00e1s funcionales como la falta de confianza, estr\u00e9s en el trabajo o la escuela, orientaci\u00f3n vocacional, toma de decisiones, dificultades sociales, problemas en la relaci\u00f3n de pareja o familia, entre otros. Me relaciono con distintas instituciones de formaci\u00f3n profesional y pertenezco a la American Association for Psychoanalysis in Clinical Social Work.[\/vc_column_text][vc_empty_space height=\u00bb63px\u00bb][\/vc_column][\/vc_row][vc_row css_animation=\u00bb\u00bb row_type=\u00bbrow\u00bb use_row_as_full_screen_section=\u00bbyes\u00bb type=\u00bbgrid\u00bb angled_section=\u00bbno\u00bb text_align=\u00bbleft\u00bb background_image_as_pattern=\u00bbwithout_pattern\u00bb css=\u00bb.vc_custom_1547234073886{padding-top: 60px !important;padding-bottom: 60px !important;background-color: #f6f6f6 !important;}\u00bb z_index=\u00bb\u00bb][vc_column][vc_row_inner row_type=\u00bbrow\u00bb type=\u00bbgrid\u00bb text_align=\u00bbleft\u00bb css_animation=\u00bb\u00bb css=\u00bb.vc_custom_1547233654078{padding-top: 70px !important;padding-bottom: 70px !important;background-color: #f9f9f9 !important;}\u00bb el_class=\u00bbContBlancoSeguro\u00bb][vc_column_inner width=\u00bb1\/6&#8243;][\/vc_column_inner][vc_column_inner width=\u00bb2\/3&#8243;][vc_column_text]<\/p>\n<h2 class=\"FontSeguro\" style=\"text-align: center;\">MI SEGURO CUBRE<br \/>\nMIS SESIONES ?<\/h2>\n<p>[\/vc_column_text][vc_column_text css=\u00bb.vc_custom_1550251545348{margin-top: 20px !important;}\u00bb]<\/p>\n<p style=\"text-align: center;\">Estoy en la red de algunas compa\u00f1\u00edas de seguro de salud. En el caso que no pertenezca a la red de su seguro, es posible que el mismo cubra la totalidad o una parte de mis honorarios si su plan de salud cuenta con beneficios fuera de la red. Tambi\u00e9n proveo una tarifa de escala m\u00f3vil para aquellos que califiquen en base a sus circunstancias de vida.<\/p>\n<p>[\/vc_column_text][\/vc_column_inner][vc_column_inner width=\u00bb1\/6&#8243;][\/vc_column_inner][\/vc_row_inner][\/vc_column][\/vc_row][vc_row css_animation=\u00bb\u00bb row_type=\u00bbrow\u00bb use_row_as_full_screen_section=\u00bbno\u00bb type=\u00bbgrid\u00bb angled_section=\u00bbno\u00bb text_align=\u00bbleft\u00bb background_image_as_pattern=\u00bbwithout_pattern\u00bb z_index=\u00bb\u00bb css=\u00bb.vc_custom_1547238136045{margin-bottom: 50px !important;}\u00bb][vc_column][vc_column_text css=\u00bb.vc_custom_1550251494883{margin-bottom: 30px !important;}\u00bb]<\/p>\n<p style=\"text-align: center;\">Proveo <span class=\"ColorOrangeBold\">teleterapia o sesiones telef\u00f3nicas<\/span> en determinados casos.<br \/>\nPuede comunicarse por email o tel\u00e9fono para solicitar m\u00e1s informaci\u00f3n sobre este servicio. <span class=\"ColorOrangeBold\">( 917 ) 370 3474<\/span><\/p>\n<p>[\/vc_column_text][\/vc_column][\/vc_row][vc_row css_animation=\u00bb\u00bb row_type=\u00bbrow\u00bb use_row_as_full_screen_section=\u00bbno\u00bb type=\u00bbgrid\u00bb angled_section=\u00bbno\u00bb text_align=\u00bbleft\u00bb background_image_as_pattern=\u00bbwithout_pattern\u00bb z_index=\u00bb\u00bb css=\u00bb.vc_custom_1550675249396{padding-top: 55px !important;background-color: #ffffff !important;}\u00bb][vc_column offset=\u00bbvc_col-md-4&#8243;][qode_elements_holder number_of_columns=\u00bbone_column\u00bb][qode_elements_holder_item item_padding=\u00bb0px 20% 0px 0px\u00bb advanced_animations=\u00bbno\u00bb item_padding_1280_1440=\u00bb12px 20% 0px 0px\u00bb item_padding_1024_1280=\u00bb12px 20% 0px 0px\u00bb item_padding_768_1024=\u00bb0px\u00bb item_padding_600_768=\u00bb60px 40% 0px 0px\u00bb item_padding_480_600=\u00bb60px 0% 0px 0px\u00bb item_padding_480=\u00bb60px 0% 0px 0px\u00bb][vc_column_text]<\/p>\n<h2>CERTIFICADOS Y CONFERENCIAS<\/h2>\n<p>[\/vc_column_text][\/qode_elements_holder_item][\/qode_elements_holder][vc_separator type=\u00bbsmall\u00bb position=\u00bbleft\u00bb color=\u00bb#000000&#8243; thickness=\u00bb2&#8243; width=\u00bb105&#8243; up=\u00bb20&#8243; down=\u00bb21&#8243;][vc_empty_space height=\u00bb38px\u00bb][\/vc_column][vc_column offset=\u00bbvc_col-md-8&#8243;][qode_clients columns=\u00bbfour_columns\u00bb hover_effect=\u00bbswitch_img\u00bb switch_effect=\u00bbswitch_fade\u00bb disable_separators=\u00bbyes\u00bb][qode_client link_target=\u00bb_self\u00bb image=\u00bb671&#8243; link=\u00bb#\u00bb][qode_client link_target=\u00bb_self\u00bb image=\u00bb677&#8243; link=\u00bb#\u00bb][qode_client link_target=\u00bb_self\u00bb image=\u00bb726&#8243; link=\u00bb#\u00bb][qode_client link_target=\u00bb_self\u00bb image=\u00bb721&#8243; link=\u00bb#\u00bb][\/qode_clients][\/vc_column][\/vc_row][vc_row css_animation=\u00bb\u00bb row_type=\u00bbrow\u00bb use_row_as_full_screen_section=\u00bbyes\u00bb type=\u00bbfull_width\u00bb angled_section=\u00bbno\u00bb text_align=\u00bbleft\u00bb background_image_as_pattern=\u00bbwithout_pattern\u00bb css=\u00bb.vc_custom_1547239323792{background-image: url(https:\/\/grgtherapy.com\/prueba\/wp-content\/uploads\/2019\/01\/BgFooter.jpg?id=379) !important;background-position: 0 0 !important;background-repeat: repeat !important;}\u00bb z_index=\u00bb\u00bb][vc_column width=\u00bb1\/12&#8243;][\/vc_column][vc_column width=\u00bb5\/12&#8243; css=\u00bb.vc_custom_1550677346522{padding-top: 30px !important;padding-right: 120px !important;}\u00bb el_class=\u00bbBloqueContacto\u00bb][vc_column_text]<\/p>\n<h2 style=\"text-align: left;\">CONTACTO<\/h2>\n<p>[\/vc_column_text][vc_column_text css=\u00bb.vc_custom_1547238283561{margin-top: 20px !important;margin-bottom: 40px !important;}\u00bb]<\/p>\n<p style=\"text-align: left;\"><span style=\"color: #dc5500;\"><strong>Oficina de Astoria<\/strong><\/span><br \/>\n3051 Calle 36 1er Piso Astoria NY 11103<\/p>\n<p>&nbsp;<\/p>\n<p style=\"text-align: left;\">La oficina se encuentra cerca de la estaci\u00f3n de la Av. 30 (tren N) y la estaci\u00f3n Steinway (trenes R, M y F) en Astoria, Queens.<\/p>\n<p>[\/vc_column_text][vc_column_text]<span style=\"color: #dc5500;\"><strong>Oficina de Nueva York<\/strong><\/span><br \/>\n303 Quinta Avenida #1309 Nueva York, NY 10016<\/p>\n<p>&nbsp;<\/p>\n<p>Mi oficina est\u00e1 en el centro de la ciudad, en la Quinta Avenida entre las calles 31 y 32 L\u00edneas del subterr\u00e1neo 1, 2, 3, 6, N, R, Q, F, D Cerca a la estaci\u00f3n Penn y al camino del tren.[\/vc_column_text][\/vc_column][vc_column width=\u00bb1\/2&#8243; css=\u00bb.vc_custom_1551801053977{background-position: center !important;background-repeat: no-repeat !important;background-size: cover !important;}\u00bb][vc_row_inner row_type=\u00bbrow\u00bb type=\u00bbfull_width\u00bb text_align=\u00bbleft\u00bb css_animation=\u00bb\u00bb][vc_column_inner width=\u00bb1\/2&#8243;][vc_gmaps link=\u00bb#E-8_JTNDaWZyYW1lJTIwc3JjJTNEJTIyaHR0cHMlM0ElMkYlMkZ3d3cuZ29vZ2xlLmNvbSUyRm1hcHMlMkZlbWJlZCUzRnBiJTNEJTIxMW0xOCUyMTFtMTIlMjExbTMlMjExZDMwMjEuOTI4NjYwMTE5NTA4JTIxMmQtNzMuOTIwMzM5Nzg0ODQ1MDMlMjEzZDQwLjc2MzU5Mzc3OTMyNjMxNCUyMTJtMyUyMTFmMCUyMTJmMCUyMTNmMCUyMTNtMiUyMTFpMTAyNCUyMTJpNzY4JTIxNGYxMy4xJTIxM20zJTIxMW0yJTIxMXMweDg5YzI1ZjNmMmM1NmY4OWYlMjUzQTB4YTA5NjgyYWFiMGNjZDU2MyUyMTJzMzAtNTElMjUyMDM2dGglMjUyMFN0JTI1MjAxc3QlMjUyMGZsb29yJTI1MkMlMjUyMEFzdG9yaWElMjUyQyUyNTIwTlklMjUyMDExMTAzJTI1MkMlMjUyMEVFLiUyNTIwVVUuJTIxNWUwJTIxM20yJTIxMXNlcy00MTklMjEyc3ZlJTIxNHYxNjExMTg5NzU2MDAxJTIxNW0yJTIxMXNlcy00MTklMjEyc3ZlJTIyJTIwd2lkdGglM0QlMjI2MDAlMjIlMjBoZWlnaHQlM0QlMjI0NTAlMjIlMjBmcmFtZWJvcmRlciUzRCUyMjAlMjIlMjBzdHlsZSUzRCUyMmJvcmRlciUzQTAlM0IlMjIlMjBhbGxvd2Z1bGxzY3JlZW4lM0QlMjIlMjIlMjBhcmlhLWhpZGRlbiUzRCUyMmZhbHNlJTIyJTIwdGFiaW5kZXglM0QlMjIwJTIyJTNFJTNDJTJGaWZyYW1lJTNF\u00bb title=\u00bbOficina de Astoria\u00bb][\/vc_column_inner][vc_column_inner width=\u00bb1\/2&#8243;][vc_gmaps link=\u00bb#E-8_JTNDaWZyYW1lJTIwc3JjJTNEJTIyaHR0cHMlM0ElMkYlMkZ3d3cuZ29vZ2xlLmNvbSUyRm1hcHMlMkZlbWJlZCUzRnBiJTNEJTIxMW0xOCUyMTFtMTIlMjExbTMlMjExZDMwMjIuNzAzOTA1ODg4MTU5JTIxMmQtNzMuOTg3Nzk1NTg0NTkzOTQlMjEzZDQwLjc0NjU0MDM3OTMyODI3JTIxMm0zJTIxMWYwJTIxMmYwJTIxM2YwJTIxM20yJTIxMWkxMDI0JTIxMmk3NjglMjE0ZjEzLjElMjEzbTMlMjExbTIlMjExczB4ODljMjU5YTg2MTUxMDQwNSUyNTNBMHg2MzljZDYzNTUwOTkyMDYlMjEyczMwMyUyNTIwNXRoJTI1MjBBdmUlMjUyMCUyNTIzMTMwOSUyNTJDJTI1MjBOZXclMjUyMFlvcmslMjUyQyUyNTIwTlklMjUyMDEwMDE2JTI1MkMlMjUyMEVFLiUyNTIwVVUuJTIxNWUwJTIxM20yJTIxMXNlcy00MTklMjEyc3ZlJTIxNHYxNjExMTg4NzExMDczJTIxNW0yJTIxMXNlcy00MTklMjEyc3ZlJTIyJTIwd2lkdGglM0QlMjI2MDAlMjIlMjBoZWlnaHQlM0QlMjI0NTAlMjIlMjBmcmFtZWJvcmRlciUzRCUyMjAlMjIlMjBzdHlsZSUzRCUyMmJvcmRlciUzQTAlM0IlMjIlMjBhbGxvd2Z1bGxzY3JlZW4lM0QlMjIlMjIlMjBhcmlhLWhpZGRlbiUzRCUyMmZhbHNlJTIyJTIwdGFiaW5kZXglM0QlMjIwJTIyJTNFJTNDJTJGaWZyYW1lJTNF\u00bb title=\u00bbOficina de NYC\u00bb][\/vc_column_inner][\/vc_row_inner][\/vc_column][\/vc_row]<\/p>\n<\/div>","protected":false},"excerpt":{"rendered":"<p>[vc_row css_animation=\u00bb\u00bb row_type=\u00bbrow\u00bb use_row_as_full_screen_section=\u00bbno\u00bb type=\u00bbgrid\u00bb angled_section=\u00bbno\u00bb text_align=\u00bbleft\u00bb background_image_as_pattern=\u00bbwithout_pattern\u00bb z_index=\u00bb10&#8243; css=\u00bb.vc_custom_1547565700570{padding-top: 60px !important;background-color: #f6f6f6 !important;}\u00bb][vc_column css_animation=\u00bbnone\u00bb width=\u00bb1\/2&#8243; css=\u00bb.vc_custom_1547566174773{padding-top: 30px !important;}\u00bb][vc_column_text] SOBRE [\/vc_column_text][vc_column_text] GABRIELA R. GIUGGIOLONI LCSW-R [\/vc_column_text][vc_separator type=\u00bbsmall\u00bb position=\u00bbcenter\u00bb color=\u00bb#000000&#8243; thickness=\u00bb6&#8243; width=\u00bb105&#8243; up=\u00bb33&#8243;][vc_column_text css=\u00bb.vc_custom_1550466011753{margin-top: 30px !important;}\u00bb]Soy una psicoterapeuta con m\u00e1s de 20 a\u00f1os de experiencia cl\u00ednica&#8230;.<\/p>\n","protected":false},"author":1,"featured_media":0,"parent":0,"menu_order":0,"comment_status":"closed","ping_status":"closed","template":"full_width.php","meta":{"footnotes":""},"yst_prominent_words":[265,199,217,270,262,253,255,250,247,256,269,260,252,249,268,238,218,258,264,267],"class_list":["post-393","page","type-page","status-publish","hentry"],"_links":{"self":[{"href":"https:\/\/grgtherapy.com\/prueba\/es\/wp-json\/wp\/v2\/pages\/393","targetHints":{"allow":["GET"]}}],"collection":[{"href":"https:\/\/grgtherapy.com\/prueba\/es\/wp-json\/wp\/v2\/pages"}],"about":[{"href":"https:\/\/grgtherapy.com\/prueba\/es\/wp-json\/wp\/v2\/types\/page"}],"author":[{"embeddable":true,"href":"https:\/\/grgtherapy.com\/prueba\/es\/wp-json\/wp\/v2\/users\/1"}],"replies":[{"embeddable":true,"href":"https:\/\/grgtherapy.com\/prueba\/es\/wp-json\/wp\/v2\/comments?post=393"}],"version-history":[{"count":38,"href":"https:\/\/grgtherapy.com\/prueba\/es\/wp-json\/wp\/v2\/pages\/393\/revisions"}],"predecessor-version":[{"id":1378,"href":"https:\/\/grgtherapy.com\/prueba\/es\/wp-json\/wp\/v2\/pages\/393\/revisions\/1378"}],"wp:attachment":[{"href":"https:\/\/grgtherapy.com\/prueba\/es\/wp-json\/wp\/v2\/media?parent=393"}],"wp:term":[{"taxonomy":"yst_prominent_words","embeddable":true,"href":"https:\/\/grgtherapy.com\/prueba\/es\/wp-json\/wp\/v2\/yst_prominent_words?post=393"}],"curies":[{"name":"wp","href":"https:\/\/api.w.org\/{rel}","templated":true}]}}